{"id":1200,"date":"2015-02-11T22:16:37","date_gmt":"2017-02-08T14:42:21","guid":{"rendered":"http:\/\/www.puigciutat.com\/?page_id=1200"},"modified":"2019-11-27T23:43:31","modified_gmt":"2019-11-27T22:43:31","slug":"prensa","status":"publish","type":"page","link":"https:\/\/www.puigciutat.com\/es\/recursos-en-linea\/prensa\/","title":{"rendered":"Prensa"},"content":{"rendered":"<p>La Vanguardia (31\/07\/2019) \u2003 | \u2003 <a title=\"La Vanguardia\" href=\"https:\/\/www.lavanguardia.com\/vida\/20190731\/463795385317\/cadaver-yacimiento-puig-ciutat-orista-guerra-civil-romana-arqueologia.html\" target=\"_blank\"><i>Una v\u00edctima de la guerra de Julio C\u00e9sar<\/i><\/a><\/p>\n<p>Monrural.cat   (29\/07\/2019) \u2003 | \u2003 <a title=\"Monrural.cat\" href=\"https:\/\/www.monrural.cat\/2019\/07\/30\/troben-un-esquelet-roma-a-orista\/?fbclid=IwAR35KrGrSPfcoXE4OIlskJEy-vetDdSTchKE7Ct3emdLNsB3qkdw2oUbTFA\" target=\"_blank\"><i>Troben un esquelet rom\u00e0 a Orist\u00e0<\/i><\/a><\/p>\n<p>Regio7.cat   (29\/07\/2019) \u2003 | \u2003 <a title=\"Regio7.cat\" href=\"https:\/\/www.regio7.cat\/cultures\/2019\/07\/30\/jaciment-llucanenc-puig-ciutat-treu\/559548.html\" target=\"_blank\"><i>El jaciment llu\u00e7anenc de Puig Ciutat treu per primer cop restes humanes<\/i><\/a><\/p>\n<p>Llu\u00e7an\u00e8s.cat   (29\/07\/2019) \u2003 | \u2003 <a title=\"Llu\u00e7an\u00e8s.cat\" href=\"https:\/\/www.llucanes.cat\/finalitza-la-campanya-destiu-a-puig-ciutat-amb-la-troballa-dun-cos-huma\/\" target=\"_blank\"><i>Finalitza la campanya d\u2019estiu a Puig Ciutat amb la troballa d\u2019un cos hum\u00e0<\/i><\/a><\/p>\n<p>Osona.com   (29\/07\/2019) \u2003 | \u2003 <a title=\"Osona.com\" href=\"https:\/\/www.naciodigital.cat\/osona\/noticia\/60871\/troben\/primera\/vegada\/esquelet\/epoca\/romana\/puig\/ciutat\" target=\"_blank\"><i>Troben per primera vegada un esquelet de l&#8217;\u00e8poca romana a Puig Ciutat<\/i><\/a><\/p>\n<p>Llu\u00e7an\u00e8s.cat   (08\/07\/2019) \u2003 | \u2003 <a title=\"Llu\u00e7an\u00e8s.cat\" href=\"https:\/\/www.llucanes.cat\/inici-de-la-campanya-dexcavacio-al-jaciment-de-puig-ciutat-2019\/\" target=\"_blank\"><i>Inici de la campanya d\u2019excavaci\u00f3 al jaciment de Puig Ciutat 2019<\/i><\/a><\/p>\n<p>El 9 Nou (09\/09\/2018) \u2003 | \u2003 <a title=\"El 9 Nou\" href=\"https:\/\/el9nou.cat\/osona-ripolles\/cultura-i-gent\/la-vida-quotidiana-a-puig-ciutat-fa-mes-de-dos-mil-anys\/\" target=\"_blank\"><i>La vida quotidiana a Puig Ciutat, fa m\u00e9s de dos mil anys<\/i><\/a><\/p>\n<p>Osona.com (26\/08\/2018) \u2003 | \u2003 <a title=\"Osona.com\" href=\"https:\/\/www.naciodigital.cat\/osona\/noticia\/58109\/comenca\/campanya\/excavacions\/al\/jaciment\/puig\/ciutat\/orista\" target=\"_blank\"><i>Comen\u00e7a la campanya d&#8217;excavacions al Jaciment de Puig Ciutat a Orist\u00e0<\/i><\/a><\/p>\n<p>Osona.com (22\/08\/2017) \u2003 | \u2003 <a title=\"Osona.com\" href=\"https:\/\/www.naciodigital.cat\/osona\/noticia\/54735\/noves\/troballes\/al\/jaciment\/puig\/ciutat\/orista\" target=\"_blank\"><i>Noves troballes al jaciment de Puig Ciutat d&#8217;Orist\u00e0<\/i><\/a><\/p>\n<p>El 9 Nou (06\/08\/2017) \u2003 | \u2003 <a title=\"El 9 Nou\" href=\"https:\/\/el9nou.cat\/osona-ripolles\/cultura-i-gent\/les-excavacions-a-puig-ciutat-confirmen-que-lassentament-va-ser-destruit-pel-foc-en-una-batalla\/\" target=\"_blank\"><i>Les excavacions a Puig Ciutat confirmen que l\u2019assentament va ser destru\u00eft pel foc en una batalla<\/i><\/a><\/p>\n<p>El Punt Avui+ (03\/08\/2017) \u2003 | \u2003 <a title=\"El 9 Nou\" href=\"https:\/\/www.elpuntavui.cat\/cultura\/article\/19-cultura\/1208360-el-jaciment-puig-ciutat-mostra-un-nou-edifici.html\" target=\"_blank\"><i>El jaciment Puig Ciutat mostra un nou edifici <\/i><\/a><\/p>\n<p>La Vanguardia (25\/07\/2017) \u2003 | \u2003 <a title=\"La Vanguardia\" href=\"https:\/\/www.lavanguardia.com\/local\/osona\/20170725\/4359427434\/excavacion-yacimiento-puig-ciutat.html\" target=\"_blank\"><i>La excavaci\u00f3n en el yacimiento de Puig Ciutat quiere definir el per\u00edmetro defensivo del asentamiento romano<\/i><\/a><\/p>\n<p>Osona.com (25\/07\/2017) \u2003 | \u2003 <a title=\"Osona.com\" href=\"https:\/\/www.naciodigital.cat\/osona\/noticia\/54503\/arrenca\/excavacio\/al\/jaciment\/puig\/ciutat\/definir\/perimetre\/defensiu\/assentament\/roma\" target=\"_blank\"><i>Arrenca l&#8217;excavaci\u00f3 al jaciment de Puig Ciutat per definir el per\u00edmetre defensiu de l&#8217;assentament rom\u00e0<\/i><\/a><\/p>\n<p>El Punt Avui+ (20\/07\/2017) \u2003 | \u2003 <a title=\"El 9 Nou\" href=\"https:\/\/www.naciodigital.cat\/osona\/noticia\/54360\/quinzena\/estudiants\/estrangers\/faran\/sessions\/arqueologia\/puig\/ciutat\/orista\" target=\"_blank\"><i>Visita al jaciment arqueol\u00f2gic de Puig Ciutat<\/i><\/a><\/p>\n<p>Osona.com (15\/07\/2017) \u2003 | \u2003 <a title=\"Osona.com\" href=\"http:\/\/www.naciodigital.cat\/llusanes\/noticia\/7333\/excavacions\/confirmen\/gran\/importancia\/historica\/puig\/ciutat\" target=\"_blank\"><i>Una quinzena d&#8217;estudiants estrangers faran sessions d&#8217;arqueologia a Puig Ciutat d&#8217;Orist\u00e0<\/i><\/a><\/p>\n<p>La Rella reportatge (19\/01\/2017) \u2003 | \u2003 <a title=\"La Rella reportatge\" href=\"http:\/\/larella.cat\/800-anys-de-vida-a-puig-ciutat\/\" target=\"_blank\"><i>800 anys de vida a Puig Ciutat<\/i><\/a><\/p>\n<p>El 9 Nou (13\/03\/2016) \u2003 | \u2003 <a title=\"El 9 Nou\" href=\"https:\/\/el9nou.cat\/osona-ripolles\/cultura-i-gent\/inauguren-el-jaciment-de-puig-ciutat\/\" target=\"_blank\"><i>Inauguren el jaciment de Puig Ciutat<\/i><\/a><\/p>\n<p>El Punt Avui+ (10\/03\/2016) \u2003 | \u2003 <a title=\"El 9 Nou\" href=\"https:\/\/www.elpuntavui.cat\/cultura\/article\/19-cultura\/948346-un-web-per-saber-ho-tot.html\" target=\"_blank\"><i>El jaciment de Puig Ciutat, a Orist\u00e0, obert <\/i><\/a><\/p>\n<p>La Vanguardia (25\/02\/2016) \u2003 | \u2003 <a title=\"La Vanguardia\" href=\"https:\/\/www.lavanguardia.com\/local\/osona\/20160225\/302425939952\/asentamiento-romano-oristra-museo-aire-libre.html\" target=\"_blank\"><i>El asentamiento romano de Puig Ciutat en Orist\u00e0, convertido en un museo al aire libre<\/i><\/a><\/p>\n<p>La Rella 366 (09\/01\/2015) \u2003 | \u2003 <a title=\"La Rella 366\" href=\"http:\/\/issuu.com\/larella\/docs\/r366web\/4p:\/\/\" target=\"_blank\"><i>La muralla de Puig Ciutat enforteix la idea del setge<\/i><\/a><\/p>\n<p>Vilaweb (07\/01\/2015) \u2003 | \u2003 <a title=\"Vilaweb\" href=\"http:\/\/www.vilaweb.cat\/noticia\/4226223\/20150107\/muralla-puig-ciutat-enforteix-idea-setge.html\" target=\"_blank\"><i>La muralla de Puig Ciutat enforteix la idea del setge<\/i><\/a><\/p>\n<p>Espai (11\/2014) \u2003 | \u2003 <a title=\"Revista Espai\" href=\"http:\/\/www.revistaespai.com\/revistes\/novembre14.pdf\" target=\"_blank\"><i>Puig Ciutat, capital romana del Llu\u00e7an\u00e8s<\/i><\/a><\/p>\n<p>La Vanguardia (30\/07\/2014) \u2003 | \u2003 <a title=\"La Vanguardia\" href=\"https:\/\/www.lavanguardia.com\/cultura\/20140730\/54413356465\/cultura-y-cedinsa-restauraran-seis-monumento-situados-en-entorno-de-la-c-25.html\" target=\"_blank\"><i>Cultura y Cedinsa restaurar\u00e1n seis monumentos situados en el entorno de la C-25<\/i><\/a><\/p>\n<p>La Rella 345 (07\/02\/2014) \u2003 | \u2003 <a title=\"La Rella 345\" href=\"http:\/\/issuu.com\/larella\/docs\/r345\/7\" target=\"_blank\"><i>Fons europeus per Puig Ciutat<\/i><\/a><\/p>\n<p>Vilaweb (07\/02\/2014) \u2003 | \u2003 <a title=\"Vilaweb\" href=\"http:\/\/www.vilaweb.cat\/noticia\/4171893\/20140207\/fons-europeus-puig-ciutat-millorar-centre-dorista.html\" target=\"_blank\"><i>Fons europeus per Puig Ciutat<\/i><\/a><\/p>\n<p>Vilaweb (12\/08\/2013) \u2003 | \u2003 <a title=\"Vilaweb\" href=\"http:\/\/www.vilaweb.cat\/noticia\/4138548\/20130812\/puig-ciutat-zona-estrategica-limperi-roma.html\" target=\"_blank\"><i>Puig Ciutat, zona estrat\u00e8gica de l&#8217;imperi rom\u00e0?<\/i><\/a><\/p>\n<p>El 9 Nou (09\/08\/2013) \u2003 | \u2003 <a title=\"El 9 Nou\" href=\"http:\/\/www.el9nou.cat\/noticies_o_0\/31887\/jaciment-puig-ciutat,-d_orista,-continua-donant-dades-sobre\" target=\"_blank\"><i>El jaciment de Puig Ciutat, d\u2019Orist\u00e0, continua donant dades sobre la seva vida i destrucci\u00f3<\/i><\/a><\/p>\n<p>Osona.com   (21\/08\/2012) \u2003 | \u2003 <a title=\"Osona.com\" href=\"http:\/\/www.naciodigital.cat\/llusanes\/noticia\/7333\/excavacions\/confirmen\/gran\/importancia\/historica\/puig\/ciutat\" target=\"_blank\"><i>Les excavacions confirmen la gran import\u00e0ncia hist\u00f2rica de Puig Ciutat<\/i><\/a><\/p>\n<p>El 9 Nou (18\/08\/2012) \u2003 | \u2003 <a title=\"El 9 Nou\" href=\"http:\/\/www.el9nou.cat\/noticies_o_0\/25885\/puig_ciutat,_orista,_consolida_com_dels_jaciments_referencia\" target=\"_blank\"><i>Puig Ciutat, a Orist\u00e0, es consolida com un dels jaciments de refer\u00e8ncia<\/i><\/a><\/p>\n<p>El 9 Nou (12\/06\/2012) \u2003 | \u2003 <a title=\"El 9 Nou\" href=\"http:\/\/www.el9nou.cat\/noticia_o_2.16161616162.16161616162.83838383838.83838383838.83838383838.16161616162.83838383838.16161616162.16161616162.16161616162.16161616162E%20161616161616161618.pdf\/25102\" target=\"_blank\"><i>Enxampen dos lladres tornant de robar al jaciment arqueol\u00f2gic d\u2019Orist\u00e0<\/i><\/a><\/p>\n<p>La Rella 290 (04\/11\/2011) \u2003 | \u2003 <a title=\"La Rella 290\" href=\"http:\/\/issuu.com\/larella\/docs\/r290\/4\" target=\"_blank\"><i>Els Mossos vigilen Puig Ciutat<\/i><\/a><\/p>\n<p>El 9 Nou (25\/10\/2011) \u2003 | \u2003 <a title=\"El 9 Nou\" href=\"http:\/\/el9nou.cat\/noticies_o_2.16161616162.16161616162.83838383838.83838383838.83838383838.16161616162.83838383838.16161616162.16161616162.16161616162.16161616162E%20161616161616161618.pdf\/20629\/els_mossos_inicien_dispositiu_policial_seguretat_jaciment_arqueologic\" target=\"_blank\"><i>Els Mossos inicien un dispositiu policial de seguretat al jaciment arqueol\u00f2gic d\u2019Orist\u00e0<\/i><\/a><\/p>\n<p>Vilaweb   (29\/03\/2011) \u2003 | \u2003 <a title=\"Vilaweb\" href=\"http:\/\/www.vilaweb.cat\/noticia\/3866609\/20110329\/presenten-resultats-treballs-jaciment-puig-ciutat.html\" target=\"_blank\"><i>Presenten els resultats dels treballs al jaciment de Puig Ciutat<\/i><\/a><\/p>\n<p>Vilaweb   (10\/09\/2010) \u2003 | \u2003 <a title=\"Vilaweb\" href=\"http:\/\/www.vilaweb.cat\/noticia\/3774157\/20100910\/puig-ciutat-gran-ciutat-amagada.html\" target=\"_blank\"><i>Puig Ciutat: una gran ciutat amagada<\/i><\/a><\/p>\n<p>La Rella N.262   (10\/09\/2010) \u2003 | \u2003 <a title=\"La Rella\" href=\"http:\/\/issuu.com\/larella\/docs\/r262.2\/1\" target=\"_blank\"><i>Una gran ciutat amagada<\/i><\/a><\/p>\n<p>El 9 Nou   (08\/08\/2010) \u2003 | \u2003 <a title=\"El 9 Nou\" href=\"http:\/\/www.el9nou.cat\/noticies_o_0\/13873\/les_primeres_excavacions_orista_confirmen_valor_del_jaciment\" target=\"_blank\"><i>Les primeres excavacions a Orist\u00e0 confirmen el valor del jaciment de Puig Ciutat<\/i><\/a><\/p>\n<p>CCMA   (30\/06\/2010) \u2003 | \u2003 <a title=\"CCMA\" href=\"http:\/\/www.ccma.cat\/324\/Arqueolegs-dOsona-fan-noves-troballes-al-jaciment-iber-de-Puig-Ciutat\/noticia\/748327\/\" target=\"_blank\"><i>Arque\u00f2legs d&#8217;Osona fan noves troballes al jaciment iber de Puig Ciutat<\/i><\/a><\/p>\n","protected":false},"excerpt":{"rendered":"<p>La Vanguardia (31\/07\/2019) \u2003 | \u2003 Una v\u00edctima de la guerra de Julio C\u00e9sar Monrural.cat (29\/07\/2019) \u2003 | \u2003 Troben un esquelet rom\u00e0 a Orist\u00e0 Regio7.cat (29\/07\/2019) \u2003 | \u2003 El jaciment llu\u00e7anenc de Puig Ciutat treu per primer cop restes humanes Llu\u00e7an\u00e8s.cat (29\/07\/2019) \u2003 | \u2003 Finalitza la campanya d\u2019estiu a Puig Ciutat amb &hellip; <a href=\"https:\/\/www.puigciutat.com\/es\/recursos-en-linea\/prensa\/\" class=\"more-link\">Continue reading <span class=\"screen-reader-text\">Prensa<\/span> <span class=\"meta-nav\">&rarr;<\/span><\/a><\/p>\n","protected":false},"author":1,"featured_media":0,"parent":1394,"menu_order":0,"comment_status":"closed","ping_status":"open","template":"","meta":{"footnotes":""},"class_list":["post-1200","page","type-page","status-publish","hentry"],"_links":{"self":[{"href":"https:\/\/www.puigciutat.com\/es\/wp-json\/wp\/v2\/pages\/1200","targetHints":{"allow":["GET"]}}],"collection":[{"href":"https:\/\/www.puigciutat.com\/es\/wp-json\/wp\/v2\/pages"}],"about":[{"href":"https:\/\/www.puigciutat.com\/es\/wp-json\/wp\/v2\/types\/page"}],"author":[{"embeddable":true,"href":"https:\/\/www.puigciutat.com\/es\/wp-json\/wp\/v2\/users\/1"}],"replies":[{"embeddable":true,"href":"https:\/\/www.puigciutat.com\/es\/wp-json\/wp\/v2\/comments?post=1200"}],"version-history":[{"count":3,"href":"https:\/\/www.puigciutat.com\/es\/wp-json\/wp\/v2\/pages\/1200\/revisions"}],"predecessor-version":[{"id":1792,"href":"https:\/\/www.puigciutat.com\/es\/wp-json\/wp\/v2\/pages\/1200\/revisions\/1792"}],"up":[{"embeddable":true,"href":"https:\/\/www.puigciutat.com\/es\/wp-json\/wp\/v2\/pages\/1394"}],"wp:attachment":[{"href":"https:\/\/www.puigciutat.com\/es\/wp-json\/wp\/v2\/media?parent=1200"}],"curies":[{"name":"wp","href":"https:\/\/api.w.org\/{rel}","templated":true}]}}